{"id":289,"date":"2017-03-16T09:23:46","date_gmt":"2017-03-16T08:23:46","guid":{"rendered":"http:\/\/www.pps-architekten.de\/wordpress\/?page_id=289"},"modified":"2025-11-04T17:03:49","modified_gmt":"2025-11-04T16:03:49","slug":"impressum","status":"publish","type":"page","link":"https:\/\/www.pps-architekten.de\/index.php\/impressum\/","title":{"rendered":"IMPRESSUM"},"content":{"rendered":"<div id=\"pl-289\"  class=\"panel-layout\" ><div id=\"pg-289-0\"  class=\"panel-grid panel-no-style\" ><div id=\"pgc-289-0-0\"  class=\"panel-grid-cell\" ><div id=\"panel-289-0-0-0\" class=\"so-panel widget widget_sow-headline panel-first-child panel-last-child\" data-index=\"0\" ><div\n\t\t\t\n\t\t\tclass=\"so-widget-sow-headline so-widget-sow-headline-default-03b227f7b556-289\"\n\t\t\t\n\t\t><div class=\"sow-headline-container \">\n\t\t\t\t\t\t\t<h1 class=\"sow-headline\">\n\t\t\t\t\t\tIMPRESSUM\t\t\t\t\t\t<\/h1>\n\t\t\t\t\t\t<\/div>\n<\/div><\/div><\/div><\/div><div id=\"pg-289-1\"  class=\"panel-grid panel-no-style\" ><div id=\"pgc-289-1-0\"  class=\"panel-grid-cell\" ><div id=\"panel-289-1-0-0\" class=\"so-panel widget widget_sow-headline panel-first-child\" data-index=\"1\" ><div\n\t\t\t\n\t\t\tclass=\"so-widget-sow-headline so-widget-sow-headline-default-fa287d702d34-289\"\n\t\t\t\n\t\t><div class=\"sow-headline-container \">\n\t\t\t\t\t\t\t<h1 class=\"sow-headline\">\n\t\t\t\t\t\tPlanungsgruppe Prof. Sommer\t\t\t\t\t\t<\/h1>\n\t\t\t\t\t\t<\/div>\n<\/div><\/div><div id=\"panel-289-1-0-1\" class=\"so-panel widget widget_sow-editor\" data-index=\"2\" ><div\n\t\t\t\n\t\t\tclass=\"so-widget-sow-editor so-widget-sow-editor-base\"\n\t\t\t\n\t\t>\n<div class=\"siteorigin-widget-tinymce textwidget\">\n\t<p>Architekt und Co. GmbH<\/p>\n<p>Louis-Braille-Stra\u00dfe 8<br \/>\n03044 Cottbus<\/p>\n<p>Tel 0355 - 380 96 0<br \/>\nFax 0355 - 380 96 99<br \/>\nmail@pps-architekten.de<\/p>\n<div>\n<div>\n<div class=\"vk_sh vk_bk\">\n<div class=\"Uekwlc QzqPSc\">\n<p>Liselotte-Herrmann-Str. 92<br \/>\n<span class=\"desktop-title-subcontent\">02977 Hoyerswerda<\/span><\/p>\n<p><span class=\"desktop-title-subcontent\">Tel 03571 - 60 74 582<br \/>\n<\/span>mail.hw@pps-architekten.de<\/p>\n<\/div>\n<\/div>\n<\/div>\n<\/div>\n<\/div>\n<\/div><\/div><div id=\"panel-289-1-0-2\" class=\"so-panel widget widget_sow-headline\" data-index=\"3\" ><div\n\t\t\t\n\t\t\tclass=\"so-widget-sow-headline so-widget-sow-headline-default-fa287d702d34-289\"\n\t\t\t\n\t\t><div class=\"sow-headline-container \">\n\t\t\t\t\t\t\t<h1 class=\"sow-headline\">\n\t\t\t\t\t\tGesch\u00e4ftsleitung\t\t\t\t\t\t<\/h1>\n\t\t\t\t\t\t<\/div>\n<\/div><\/div><div id=\"panel-289-1-0-3\" class=\"so-panel widget widget_sow-editor panel-last-child\" data-index=\"4\" ><div\n\t\t\t\n\t\t\tclass=\"so-widget-sow-editor so-widget-sow-editor-base\"\n\t\t\t\n\t\t>\n<div class=\"siteorigin-widget-tinymce textwidget\">\n\t<p>Gesch\u00e4ftsf\u00fchrer:<br \/>Dipl.-Ing. U. Kehr<\/p>\n<p>Prokurist:<br \/>Prof. Dr.-Ing R.-R. Sommer<\/p>\n<p>Steuernummer<br \/> 056\/116\/01141<\/p>\n<p>USt-IdNr.:<br \/>DE219612586<\/p>\n<p>Handelsregister <br \/>HRB 6538 CB <br \/><strong><br \/><\/strong><\/p>\n<\/div>\n<\/div><\/div><\/div><div id=\"pgc-289-1-1\"  class=\"panel-grid-cell\" ><div id=\"panel-289-1-1-0\" class=\"so-panel widget widget_sow-headline panel-first-child\" data-index=\"5\" ><div\n\t\t\t\n\t\t\tclass=\"so-widget-sow-headline so-widget-sow-headline-default-fa287d702d34-289\"\n\t\t\t\n\t\t><div class=\"sow-headline-container \">\n\t\t\t\t\t\t\t<h1 class=\"sow-headline\">\n\t\t\t\t\t\tInformationen zur Berufsbezeichnung\t\t\t\t\t\t<\/h1>\n\t\t\t\t\t\t<\/div>\n<\/div><\/div><div id=\"panel-289-1-1-1\" class=\"so-panel widget widget_sow-editor\" data-index=\"6\" ><div\n\t\t\t\n\t\t\tclass=\"so-widget-sow-editor so-widget-sow-editor-base\"\n\t\t\t\n\t\t>\n<div class=\"siteorigin-widget-tinymce textwidget\">\n\t<p>Der Titel \u201eArchitekt\u201c ist in Deutschland gesch\u00fctzt und wird gem\u00e4\u00df der jeweiligen Architektengesetze der entsprechenden Bundesl\u00e4nder verliehen.<\/p>\n<p>Informationen zum Brandenburgischem Architektengesetz (BbgArchG) und zur Berufsordnung der Brandenburgischen Architektenkammer erhalten Sie unter:<br \/><a href=\"https:\/\/bravors.brandenburg.de\/gesetze\/bbgarchg_2016\">www.bravors.brandenburg.de<\/a><\/p>\n<p>Prof. Dr.-Ing. Ralf-R\u00fcdiger Sommer<br \/>Brandenburgische Architektenkammer<br \/>Mitglied seit 02.07.1991, Potsdam<br \/>Mitgliedsnummer BA 3117-91-1-A<\/p>\n<p>Cord Bertko<br \/>Brandenburgische Architektenkammer<br \/>Mitglied seit 07.12.2009, Potsdam<br \/>Mitgliedsnummer BA 3529-09-3-A<\/p>\n<\/div>\n<\/div><\/div><div id=\"panel-289-1-1-2\" class=\"so-panel widget widget_sow-headline\" data-index=\"7\" ><div\n\t\t\t\n\t\t\tclass=\"so-widget-sow-headline so-widget-sow-headline-default-fa287d702d34-289\"\n\t\t\t\n\t\t><div class=\"sow-headline-container \">\n\t\t\t\t\t\t\t<h1 class=\"sow-headline\">\n\t\t\t\t\t\tWebsite Design und Umsetzung\t\t\t\t\t\t<\/h1>\n\t\t\t\t\t\t<\/div>\n<\/div><\/div><div id=\"panel-289-1-1-3\" class=\"so-panel widget widget_sow-editor panel-last-child\" data-index=\"8\" ><div\n\t\t\t\n\t\t\tclass=\"so-widget-sow-editor so-widget-sow-editor-base\"\n\t\t\t\n\t\t>\n<div class=\"siteorigin-widget-tinymce textwidget\">\n\t<p>Brenner Guerra<\/p>\n<\/div>\n<\/div><\/div><\/div><div id=\"pgc-289-1-2\"  class=\"panel-grid-cell\" ><div id=\"panel-289-1-2-0\" class=\"so-panel widget widget_sow-headline panel-first-child\" data-index=\"9\" ><div\n\t\t\t\n\t\t\tclass=\"so-widget-sow-headline so-widget-sow-headline-default-fa287d702d34-289\"\n\t\t\t\n\t\t><div class=\"sow-headline-container \">\n\t\t\t\t\t\t\t<h1 class=\"sow-headline\">\n\t\t\t\t\t\tFotografen\t\t\t\t\t\t<\/h1>\n\t\t\t\t\t\t<\/div>\n<\/div><\/div><div id=\"panel-289-1-2-1\" class=\"so-panel widget widget_sow-editor\" data-index=\"10\" ><div\n\t\t\t\n\t\t\tclass=\"so-widget-sow-editor so-widget-sow-editor-base\"\n\t\t\t\n\t\t>\n<div class=\"siteorigin-widget-tinymce textwidget\">\n\t<div>Bildnachweis \u00b7<\/div>\n<div>F\u00fcr individuelle Foto-\/Bild-Nachweise wenden Sie sich bitte an die genannte B\u00fcroadresse.<\/div>\n<div>\u00a0<\/div>\n<\/div>\n<\/div><\/div><div id=\"panel-289-1-2-2\" class=\"so-panel widget widget_sow-headline\" data-index=\"11\" ><div\n\t\t\t\n\t\t\tclass=\"so-widget-sow-headline so-widget-sow-headline-default-fa287d702d34-289\"\n\t\t\t\n\t\t><div class=\"sow-headline-container \">\n\t\t\t\t\t\t\t<h1 class=\"sow-headline\">\n\t\t\t\t\t\tUrheberrecht und Disclaimer\t\t\t\t\t\t<\/h1>\n\t\t\t\t\t\t<\/div>\n<\/div><\/div><div id=\"panel-289-1-2-3\" class=\"so-panel widget widget_sow-editor panel-last-child\" data-index=\"12\" ><div\n\t\t\t\n\t\t\tclass=\"so-widget-sow-editor so-widget-sow-editor-base\"\n\t\t\t\n\t\t>\n<div class=\"siteorigin-widget-tinymce textwidget\">\n\t<p>Konzept, Layout und Gestaltung sowie s\u00e4mtliche Grafik-, Foto- und Textkomponenten der folgenden Internetseiten sind urheberrechtlich gesch\u00fctzt. Die Nutzung dieser Seiten ist auf Ihre Person beschr\u00e4nkt. Sie d\u00fcrfen nicht abge\u00e4ndert und nicht in kopierter Form weitergegeben werden. Die Verwendung s\u00e4mtlicher \u00fcber diesen Server verf\u00fcgbaren Informationen geschieht auf Ihr eigenes Risiko. Jede Form der Haftung der Anbieter dieser Seiteninhalte, d. h. von der Planungsgruppe Prof. Sommer Architekt und Co. GmbH , f\u00fcr aus der Verwendung der hier zur Verf\u00fcgung gestellten Informationen entstehende Sch\u00e4den ist ausgeschlossen. Die Planungsgruppe Prof. Sommer Architekt und Co. GmbH haftet f\u00fcr s\u00e4mtliche Seiteninhalte.<\/p>\n<p>Trotz sorgf\u00e4ltiger inhaltlicher Kontrolle \u00fcbernehmen wir keine Haftung f\u00fcr die Inhalte externer Links. F\u00fcr den Inhalt der verlinkten Seiten sind ausschlie\u00dflich deren Betreiber verantwortlich.<\/p>\n<\/div>\n<\/div><\/div><\/div><\/div><\/div>","protected":false},"excerpt":{"rendered":"<p>Architekt und Co. GmbH Louis-Braille-Stra\u00dfe 8 03044 Cottbus Tel 0355 &#8211; 380 96 0 Fax 0355 &#8211; 380 96 99 mail@pps-architekten.de Liselotte-Herrmann-Str. 92 02977 Hoyerswerda Tel 03571 &#8211; 60 74 582 mail.hw@pps-architekten.de Gesch\u00e4ftsf\u00fchrer:Dipl.-Ing. U. Kehr Prokurist:Prof. Dr.-Ing R.-R. Sommer Steuernummer 056\/116\/01141 USt-IdNr.:DE219612586 Handelsregister HRB 6538 CB Der Titel \u201eArchitekt\u201c ist in Deutschland gesch\u00fctzt und wirdContinue reading &rarr;<\/p>\n","protected":false},"author":1,"featured_media":0,"parent":0,"menu_order":0,"comment_status":"closed","ping_status":"closed","template":"","meta":{"footnotes":""},"class_list":["post-289","page","type-page","status-publish","hentry","no-thumb"],"_links":{"self":[{"href":"https:\/\/www.pps-architekten.de\/index.php\/wp-json\/wp\/v2\/pages\/289","targetHints":{"allow":["GET"]}}],"collection":[{"href":"https:\/\/www.pps-architekten.de\/index.php\/wp-json\/wp\/v2\/pages"}],"about":[{"href":"https:\/\/www.pps-architekten.de\/index.php\/wp-json\/wp\/v2\/types\/page"}],"author":[{"embeddable":true,"href":"https:\/\/www.pps-architekten.de\/index.php\/wp-json\/wp\/v2\/users\/1"}],"replies":[{"embeddable":true,"href":"https:\/\/www.pps-architekten.de\/index.php\/wp-json\/wp\/v2\/comments?post=289"}],"version-history":[{"count":58,"href":"https:\/\/www.pps-architekten.de\/index.php\/wp-json\/wp\/v2\/pages\/289\/revisions"}],"predecessor-version":[{"id":2791,"href":"https:\/\/www.pps-architekten.de\/index.php\/wp-json\/wp\/v2\/pages\/289\/revisions\/2791"}],"wp:attachment":[{"href":"https:\/\/www.pps-architekten.de\/index.php\/wp-json\/wp\/v2\/media?parent=289"}],"curies":[{"name":"wp","href":"https:\/\/api.w.org\/{rel}","templated":true}]}}