{"id":1444,"date":"2017-07-14T08:00:00","date_gmt":"2017-07-14T06:00:00","guid":{"rendered":"http:\/\/www.pps-architekten.de\/wordpress\/?post_type=project&#038;p=1444"},"modified":"2022-03-28T16:50:17","modified_gmt":"2022-03-28T14:50:17","slug":"informationszentrum-und-aussichtsturm-tagebau-nochten","status":"publish","type":"project","link":"https:\/\/www.pps-architekten.de\/index.php\/project\/informationszentrum-und-aussichtsturm-tagebau-nochten\/","title":{"rendered":"Informationszentrum und Aussichtsturm Tagebau Nochten"},"content":{"rendered":"<div id=\"pl-1444\"  class=\"panel-layout\" ><div id=\"pg-1444-0\"  class=\"panel-grid panel-no-style\" ><div id=\"pgc-1444-0-0\"  class=\"panel-grid-cell\" ><div id=\"panel-1444-0-0-0\" class=\"so-panel widget widget_sow-headline panel-first-child panel-last-child\" data-index=\"0\" ><div\n\t\t\t\n\t\t\tclass=\"so-widget-sow-headline so-widget-sow-headline-default-43b3ef2dabf2-1444\"\n\t\t\t\n\t\t><div class=\"sow-headline-container \">\n\t\t\t\t\t\t\t<h1 class=\"sow-headline\">\n\t\t\t\t\t\tInformationszentrum und Aussichtsturm Tagebau Nochten\t\t\t\t\t\t<\/h1>\n\t\t\t\t\t\t<\/div>\n<\/div><\/div><\/div><\/div><div id=\"pg-1444-1\"  class=\"panel-grid panel-no-style\" ><div id=\"pgc-1444-1-0\"  class=\"panel-grid-cell panel-grid-cell-mobile-last\" ><div id=\"panel-1444-1-0-0\" class=\"so-panel widget widget_sow-image panel-first-child panel-last-child\" data-index=\"1\" ><div\n\t\t\t\n\t\t\tclass=\"so-widget-sow-image so-widget-sow-image-default-4e6925654b7a-1444\"\n\t\t\t\n\t\t>\n<div class=\"sow-image-container\">\n\t\t<img \n\tsrc=\"https:\/\/www.pps-architekten.de\/wordpress\/wp-content\/uploads\/Titelbild_InfocenterNochten_940x360px.png\" width=\"940\" height=\"360\" srcset=\"https:\/\/www.pps-architekten.de\/wordpress\/wp-content\/uploads\/Titelbild_InfocenterNochten_940x360px.png 940w, https:\/\/www.pps-architekten.de\/wordpress\/wp-content\/uploads\/Titelbild_InfocenterNochten_940x360px-300x115.png 300w, https:\/\/www.pps-architekten.de\/wordpress\/wp-content\/uploads\/Titelbild_InfocenterNochten_940x360px-768x294.png 768w, https:\/\/www.pps-architekten.de\/wordpress\/wp-content\/uploads\/Titelbild_InfocenterNochten_940x360px-845x324.png 845w\" sizes=\"(max-width: 940px) 100vw, 940px\" alt=\"\" \t\tclass=\"so-widget-image\"\/>\n\t<\/div>\n\n<\/div><\/div><\/div><div id=\"pgc-1444-1-1\"  class=\"panel-grid-cell panel-grid-cell-empty\" ><\/div><\/div><div id=\"pg-1444-2\"  class=\"panel-grid panel-has-style\" ><div class=\"panel-row-style panel-row-style-for-1444-2\" ><div id=\"pgc-1444-2-0\"  class=\"panel-grid-cell\" ><div id=\"panel-1444-2-0-0\" class=\"so-panel widget widget_sow-editor panel-first-child panel-last-child\" data-index=\"2\" ><div\n\t\t\t\n\t\t\tclass=\"so-widget-sow-editor so-widget-sow-editor-base\"\n\t\t\t\n\t\t>\n<div class=\"siteorigin-widget-tinymce textwidget\">\n\t<p class=\"p1\"><b>Standort<br \/><\/b>Am Schweren Berg<br \/>02943 Weisswasser<br \/><b>NF<br \/><\/b>550m\u00b2<br \/><b>BGF<br \/><\/b>1.100m\u00b2<br \/><b>BRI<br \/><\/b>3.600m\u00b3<\/p>\n<\/div>\n<\/div><\/div><\/div><div id=\"pgc-1444-2-1\"  class=\"panel-grid-cell\" ><div id=\"panel-1444-2-1-0\" class=\"so-panel widget widget_sow-editor panel-first-child panel-last-child\" data-index=\"3\" ><div\n\t\t\t\n\t\t\tclass=\"so-widget-sow-editor so-widget-sow-editor-base\"\n\t\t\t\n\t\t>\n<div class=\"siteorigin-widget-tinymce textwidget\">\n\t<p class=\"p1\"><b>Baukosten<br \/>\n<\/b>ca. 1,67 Mio \u0080<br \/>\n<b>Planung<br \/>\n<\/b>2005 - 2007<br \/>\n<b>Realisierung<br \/>\n<\/b>2007 - 2008<br \/>\n<b>Leistungsphasen<br \/>\n<\/b>1 - 9<\/p>\n<p><b>In Kooperation mit<br \/>\n<\/b>Planungsgruppe abv\u00a0 GmbH<b><\/b><\/p>\n<\/div>\n<\/div><\/div><\/div><div id=\"pgc-1444-2-2\"  class=\"panel-grid-cell panel-grid-cell-mobile-last\" ><div id=\"panel-1444-2-2-0\" class=\"so-panel widget widget_sow-editor panel-first-child panel-last-child\" data-index=\"4\" ><div\n\t\t\t\n\t\t\tclass=\"so-widget-sow-editor so-widget-sow-editor-base\"\n\t\t\t\n\t\t>\n<div class=\"siteorigin-widget-tinymce textwidget\">\n\t<p class=\"p1\">S\u00fcdlich der Stadt Wei\u00dfwasser, an der Kante des Tagebaus Nochten, ist zur Umweltbeobachtung und \u00d6ffentlichkeitsarbeit begleitend zu den langfristigen Ver\u00e4nderungen der Bergbaulandschaft ein Informationszentrum vorgesehen worden. Am Wegekreuz zum Kromlauer Park, Findlingspark Nochten sowie der Stadt Wei\u00dfwasser wurde hier ein zweigeschossiger Ausstellungs- und Informationspavillon zusammen mit einem ca. 30 m hohen Beobachtungsturm errichtet.<\/p>\n<p class=\"p1\">Die horizontale Ausrichtung des Pavillons mit Wandscheiben, Flachdach und Fensterb\u00e4ndern spiegelt Bez\u00fcge zur umgebenden Landschaft wider. Im Ausstellungsraum des Erdgeschosses \u00f6ffnet sich ein \u201cSchaufenster\u201d zum Tagebau hin mit dahinterliegendem Kraftwerk Boxberg. Vom Foyer aus erschlie\u00dfen sich im Erdgeschoss Sanit\u00e4r- und Haustechnikr\u00e4ume sowie eine Teek\u00fcche mit kleiner Cafeteria.<\/p>\n<p class=\"p1\">\u00dcber eine offene Treppenanlage gelangt man zu B\u00fcro- und Beratungsr\u00e4umen im Obergeschoss. Eine offene Terrasse umschlie\u00dft diesen rundum verglasten Aufbau, dessen weit auskragendes Flachdach den oberen Abschluss des Pavillons bildet.<\/p>\n<p class=\"p1\">Der achtgeschossige Turm dient zur Beobachtung des ausgedehnten Tagebaureviers. Von insgesamt vier Aussichtsplattformen wird ein ann\u00e4hernder Rundblick in verschiedenen H\u00f6hen erm\u00f6glicht. Die vertikale Erschlie\u00dfung erfolgt \u00fcber einen durchgehend geschlossenen Treppenraum, der von den offenen Plattformen ringf\u00f6rmig umschlossen wird. Architektursprache und Materialit\u00e4t in exponierter Lage erm\u00f6glichen einen Dialog zum angrenzenden Landschaftsraum. So kontrastieren gro\u00dffl\u00e4chige Verglasungen und Sichtbetonw\u00e4nde mit St\u00fctzw\u00e4nden aus Natursteinen \/ Gabionen, die in das Gel\u00e4nde \u00fcberleiten. Das Infocenter stellt eine weithin sichtbare Landmarke dar, die dem Besucher mit moderner Anmut begegnet.<\/p><\/div>\n<\/div><\/div><\/div><div id=\"pgc-1444-2-3\"  class=\"panel-grid-cell panel-grid-cell-empty\" ><\/div><\/div><\/div><div id=\"pg-1444-3\"  class=\"panel-grid panel-no-style\" ><div id=\"pgc-1444-3-0\"  class=\"panel-grid-cell panel-grid-cell-mobile-last\" ><div id=\"panel-1444-3-0-0\" class=\"so-panel widget widget_sow-simple-masonry panel-first-child panel-last-child\" data-index=\"5\" ><div\n\t\t\t\n\t\t\tclass=\"so-widget-sow-simple-masonry so-widget-sow-simple-masonry-default-d75171398898-1444\"\n\t\t\t\n\t\t>\n\n<div class=\"sow-masonry-grid\"\n\tdata-layouts=\"{&quot;desktop&quot;:{&quot;numColumns&quot;:4,&quot;rowHeight&quot;:0,&quot;gutter&quot;:10},&quot;tablet&quot;:{&quot;breakPoint&quot;:860,&quot;numColumns&quot;:2,&quot;rowHeight&quot;:0,&quot;gutter&quot;:10},&quot;mobile&quot;:{&quot;breakPoint&quot;:480,&quot;numColumns&quot;:1,&quot;rowHeight&quot;:0,&quot;gutter&quot;:10}}\" data-layout-origin-left=\"true\" >\n\t\t\t\t<div class=\"sow-masonry-grid-item\" data-col-span=\"2\"\n\t\t\t\tdata-row-span=\"1\">\n\t\t\t\t\t\t\t\t\t<a href=\"https:\/\/www.pps-architekten.de\/wordpress\/wp-content\/uploads\/Infocenter_Nochten_6_resized.jpg\"\n\t\t\t\t\t>\n\t\t\t\t\n\t\t\t\t\n\t\t\t\t<img loading=\"lazy\" decoding=\"async\" width=\"1553\" height=\"1080\" src=\"https:\/\/www.pps-architekten.de\/wordpress\/wp-content\/uploads\/Infocenter_Nochten_6_resized.jpg\" class=\"sow-masonry-grid-image\" alt=\"\" title=\"Informationszentrum und Aussichtsturm Tagebau Nochten\" srcset=\"https:\/\/www.pps-architekten.de\/wordpress\/wp-content\/uploads\/Infocenter_Nochten_6_resized.jpg 1553w, https:\/\/www.pps-architekten.de\/wordpress\/wp-content\/uploads\/Infocenter_Nochten_6_resized-300x209.jpg 300w, https:\/\/www.pps-architekten.de\/wordpress\/wp-content\/uploads\/Infocenter_Nochten_6_resized-768x534.jpg 768w, https:\/\/www.pps-architekten.de\/wordpress\/wp-content\/uploads\/Infocenter_Nochten_6_resized-845x588.jpg 845w\" sizes=\"auto, (max-width: 1553px) 100vw, 1553px\" \/>\n\t\t\t\t\n\t\t\t\t\t\t\t\t\t<\/a>\n\t\t\t\t\t\t\t<\/div>\n\t\t\t\t\t\t<div class=\"sow-masonry-grid-item\" data-col-span=\"1\"\n\t\t\t\tdata-row-span=\"2\">\n\t\t\t\t\t\t\t\t\t<a href=\"https:\/\/www.pps-architekten.de\/wordpress\/wp-content\/uploads\/Infocenter_Nochten_3_resized.jpg\"\n\t\t\t\t\t>\n\t\t\t\t\n\t\t\t\t\n\t\t\t\t<img loading=\"lazy\" decoding=\"async\" width=\"810\" height=\"1080\" src=\"https:\/\/www.pps-architekten.de\/wordpress\/wp-content\/uploads\/Infocenter_Nochten_3_resized.jpg\" class=\"sow-masonry-grid-image\" alt=\"\" title=\"Informationszentrum und Aussichtsturm Tagebau Nochten\" srcset=\"https:\/\/www.pps-architekten.de\/wordpress\/wp-content\/uploads\/Infocenter_Nochten_3_resized.jpg 810w, https:\/\/www.pps-architekten.de\/wordpress\/wp-content\/uploads\/Infocenter_Nochten_3_resized-225x300.jpg 225w, https:\/\/www.pps-architekten.de\/wordpress\/wp-content\/uploads\/Infocenter_Nochten_3_resized-768x1024.jpg 768w\" sizes=\"auto, (max-width: 810px) 100vw, 810px\" \/>\n\t\t\t\t\n\t\t\t\t\t\t\t\t\t<\/a>\n\t\t\t\t\t\t\t<\/div>\n\t\t\t\t\t\t<div class=\"sow-masonry-grid-item\" data-col-span=\"1\"\n\t\t\t\tdata-row-span=\"2\">\n\t\t\t\t\t\t\t\t\t<a href=\"https:\/\/www.pps-architekten.de\/wordpress\/wp-content\/uploads\/Infocenter_Nochten_5_resized.jpg\"\n\t\t\t\t\t>\n\t\t\t\t\n\t\t\t\t\n\t\t\t\t<img loading=\"lazy\" decoding=\"async\" width=\"721\" height=\"1080\" src=\"https:\/\/www.pps-architekten.de\/wordpress\/wp-content\/uploads\/Infocenter_Nochten_5_resized.jpg\" class=\"sow-masonry-grid-image\" alt=\"\" title=\"Informationszentrum und Aussichtsturm Tagebau Nochten\" srcset=\"https:\/\/www.pps-architekten.de\/wordpress\/wp-content\/uploads\/Infocenter_Nochten_5_resized.jpg 721w, https:\/\/www.pps-architekten.de\/wordpress\/wp-content\/uploads\/Infocenter_Nochten_5_resized-200x300.jpg 200w, https:\/\/www.pps-architekten.de\/wordpress\/wp-content\/uploads\/Infocenter_Nochten_5_resized-684x1024.jpg 684w\" sizes=\"auto, (max-width: 721px) 100vw, 721px\" \/>\n\t\t\t\t\n\t\t\t\t\t\t\t\t\t<\/a>\n\t\t\t\t\t\t\t<\/div>\n\t\t\t\t\t\t<div class=\"sow-masonry-grid-item\" data-col-span=\"1\"\n\t\t\t\tdata-row-span=\"2\">\n\t\t\t\t\t\t\t\t\t<a href=\"https:\/\/www.pps-architekten.de\/wordpress\/wp-content\/uploads\/Infocenter_Nochten_4_resized.jpg\"\n\t\t\t\t\t>\n\t\t\t\t\n\t\t\t\t\n\t\t\t\t<img loading=\"lazy\" decoding=\"async\" width=\"721\" height=\"1080\" src=\"https:\/\/www.pps-architekten.de\/wordpress\/wp-content\/uploads\/Infocenter_Nochten_4_resized.jpg\" class=\"sow-masonry-grid-image\" alt=\"\" title=\"Informationszentrum und Aussichtsturm Tagebau Nochten\" srcset=\"https:\/\/www.pps-architekten.de\/wordpress\/wp-content\/uploads\/Infocenter_Nochten_4_resized.jpg 721w, https:\/\/www.pps-architekten.de\/wordpress\/wp-content\/uploads\/Infocenter_Nochten_4_resized-200x300.jpg 200w, https:\/\/www.pps-architekten.de\/wordpress\/wp-content\/uploads\/Infocenter_Nochten_4_resized-684x1024.jpg 684w\" sizes=\"auto, (max-width: 721px) 100vw, 721px\" \/>\n\t\t\t\t\n\t\t\t\t\t\t\t\t\t<\/a>\n\t\t\t\t\t\t\t<\/div>\n\t\t\t\t\t\t<div class=\"sow-masonry-grid-item\" data-col-span=\"1\"\n\t\t\t\tdata-row-span=\"1\">\n\t\t\t\t\t\t\t\t\t<a href=\"https:\/\/www.pps-architekten.de\/wordpress\/wp-content\/uploads\/Infocenter_Nochten_1_resized.jpg\"\n\t\t\t\t\t>\n\t\t\t\t\n\t\t\t\t\n\t\t\t\t<img loading=\"lazy\" decoding=\"async\" width=\"1620\" height=\"1080\" src=\"https:\/\/www.pps-architekten.de\/wordpress\/wp-content\/uploads\/Infocenter_Nochten_1_resized.jpg\" class=\"sow-masonry-grid-image\" alt=\"\" title=\"Informationszentrum und Aussichtsturm Tagebau Nochten\" srcset=\"https:\/\/www.pps-architekten.de\/wordpress\/wp-content\/uploads\/Infocenter_Nochten_1_resized.jpg 1620w, https:\/\/www.pps-architekten.de\/wordpress\/wp-content\/uploads\/Infocenter_Nochten_1_resized-300x200.jpg 300w, https:\/\/www.pps-architekten.de\/wordpress\/wp-content\/uploads\/Infocenter_Nochten_1_resized-768x512.jpg 768w, https:\/\/www.pps-architekten.de\/wordpress\/wp-content\/uploads\/Infocenter_Nochten_1_resized-845x563.jpg 845w\" sizes=\"auto, (max-width: 1620px) 100vw, 1620px\" \/>\n\t\t\t\t\n\t\t\t\t\t\t\t\t\t<\/a>\n\t\t\t\t\t\t\t<\/div>\n\t\t\t\t\t\t<div class=\"sow-masonry-grid-item\" data-col-span=\"1\"\n\t\t\t\tdata-row-span=\"1\">\n\t\t\t\t\t\t\t\t\t<a href=\"https:\/\/www.pps-architekten.de\/wordpress\/wp-content\/uploads\/Infocenter_Nochten_2_resized.jpg\"\n\t\t\t\t\t>\n\t\t\t\t\n\t\t\t\t\n\t\t\t\t<img loading=\"lazy\" decoding=\"async\" width=\"1461\" height=\"1080\" src=\"https:\/\/www.pps-architekten.de\/wordpress\/wp-content\/uploads\/Infocenter_Nochten_2_resized.jpg\" class=\"sow-masonry-grid-image\" alt=\"\" title=\"Informationszentrum und Aussichtsturm Tagebau Nochten\" srcset=\"https:\/\/www.pps-architekten.de\/wordpress\/wp-content\/uploads\/Infocenter_Nochten_2_resized.jpg 1461w, https:\/\/www.pps-architekten.de\/wordpress\/wp-content\/uploads\/Infocenter_Nochten_2_resized-300x222.jpg 300w, https:\/\/www.pps-architekten.de\/wordpress\/wp-content\/uploads\/Infocenter_Nochten_2_resized-768x568.jpg 768w, https:\/\/www.pps-architekten.de\/wordpress\/wp-content\/uploads\/Infocenter_Nochten_2_resized-845x625.jpg 845w\" sizes=\"auto, (max-width: 1461px) 100vw, 1461px\" \/>\n\t\t\t\t\n\t\t\t\t\t\t\t\t\t<\/a>\n\t\t\t\t\t\t\t<\/div>\n\t\t\t\t\t\t<div class=\"sow-masonry-grid-item\" data-col-span=\"1\"\n\t\t\t\tdata-row-span=\"1\">\n\t\t\t\t\t\t\t\t\t<a href=\"https:\/\/www.pps-architekten.de\/wordpress\/wp-content\/uploads\/Infocenter_Nochten_8.jpg\"\n\t\t\t\t\t>\n\t\t\t\t\n\t\t\t\t\n\t\t\t\t<img loading=\"lazy\" decoding=\"async\" width=\"1423\" height=\"1080\" src=\"https:\/\/www.pps-architekten.de\/wordpress\/wp-content\/uploads\/Infocenter_Nochten_8.jpg\" class=\"sow-masonry-grid-image\" alt=\"\" title=\"Informationszentrum und Aussichtsturm Tagebau Nochten\" srcset=\"https:\/\/www.pps-architekten.de\/wordpress\/wp-content\/uploads\/Infocenter_Nochten_8.jpg 1423w, https:\/\/www.pps-architekten.de\/wordpress\/wp-content\/uploads\/Infocenter_Nochten_8-150x114.jpg 150w, https:\/\/www.pps-architekten.de\/wordpress\/wp-content\/uploads\/Infocenter_Nochten_8-300x228.jpg 300w, https:\/\/www.pps-architekten.de\/wordpress\/wp-content\/uploads\/Infocenter_Nochten_8-768x583.jpg 768w, https:\/\/www.pps-architekten.de\/wordpress\/wp-content\/uploads\/Infocenter_Nochten_8-845x641.jpg 845w\" sizes=\"auto, (max-width: 1423px) 100vw, 1423px\" \/>\n\t\t\t\t\n\t\t\t\t\t\t\t\t\t<\/a>\n\t\t\t\t\t\t\t<\/div>\n\t\t\t\t\t\t<div class=\"sow-masonry-grid-item\" data-col-span=\"1\"\n\t\t\t\tdata-row-span=\"1\">\n\t\t\t\t\t\t\t\t\t<a href=\"https:\/\/www.pps-architekten.de\/wordpress\/wp-content\/uploads\/Infocenter_Nochten_7.jpg\"\n\t\t\t\t\t>\n\t\t\t\t\n\t\t\t\t\n\t\t\t\t<img loading=\"lazy\" decoding=\"async\" width=\"812\" height=\"1080\" src=\"https:\/\/www.pps-architekten.de\/wordpress\/wp-content\/uploads\/Infocenter_Nochten_7.jpg\" class=\"sow-masonry-grid-image\" alt=\"\" title=\"Informationszentrum und Aussichtsturm Tagebau Nochten\" srcset=\"https:\/\/www.pps-architekten.de\/wordpress\/wp-content\/uploads\/Infocenter_Nochten_7.jpg 812w, https:\/\/www.pps-architekten.de\/wordpress\/wp-content\/uploads\/Infocenter_Nochten_7-113x150.jpg 113w, https:\/\/www.pps-architekten.de\/wordpress\/wp-content\/uploads\/Infocenter_Nochten_7-226x300.jpg 226w, https:\/\/www.pps-architekten.de\/wordpress\/wp-content\/uploads\/Infocenter_Nochten_7-768x1021.jpg 768w, https:\/\/www.pps-architekten.de\/wordpress\/wp-content\/uploads\/Infocenter_Nochten_7-782x1040.jpg 782w\" sizes=\"auto, (max-width: 812px) 100vw, 812px\" \/>\n\t\t\t\t\n\t\t\t\t\t\t\t\t\t<\/a>\n\t\t\t\t\t\t\t<\/div>\n\t\t\t\t\t\t<div class=\"sow-masonry-grid-item\" data-col-span=\"1\"\n\t\t\t\tdata-row-span=\"1\">\n\t\t\t\t\t\t\t\t\t<a href=\"https:\/\/www.pps-architekten.de\/wordpress\/wp-content\/uploads\/Infocenter_Nochten_Lageplan.png\"\n\t\t\t\t\t>\n\t\t\t\t\n\t\t\t\t\n\t\t\t\t<img loading=\"lazy\" decoding=\"async\" width=\"1920\" height=\"1080\" src=\"https:\/\/www.pps-architekten.de\/wordpress\/wp-content\/uploads\/Infocenter_Nochten_Lageplan.png\" class=\"sow-masonry-grid-image\" alt=\"\" title=\"Informationszentrum und Aussichtsturm Tagebau Nochten - Lageplan\" srcset=\"https:\/\/www.pps-architekten.de\/wordpress\/wp-content\/uploads\/Infocenter_Nochten_Lageplan.png 1920w, https:\/\/www.pps-architekten.de\/wordpress\/wp-content\/uploads\/Infocenter_Nochten_Lageplan-300x169.png 300w, https:\/\/www.pps-architekten.de\/wordpress\/wp-content\/uploads\/Infocenter_Nochten_Lageplan-768x432.png 768w, https:\/\/www.pps-architekten.de\/wordpress\/wp-content\/uploads\/Infocenter_Nochten_Lageplan-845x475.png 845w\" sizes=\"auto, (max-width: 1920px) 100vw, 1920px\" \/>\n\t\t\t\t\n\t\t\t\t\t\t\t\t\t<\/a>\n\t\t\t\t\t\t\t<\/div>\n\t\t\t\t\t\t<div class=\"sow-masonry-grid-item\" data-col-span=\"1\"\n\t\t\t\tdata-row-span=\"1\">\n\t\t\t\t\t\t\t\t\t<a href=\"https:\/\/www.pps-architekten.de\/wordpress\/wp-content\/uploads\/Infocenter_Nochten_Grundriss-EG.png\"\n\t\t\t\t\t>\n\t\t\t\t\n\t\t\t\t\n\t\t\t\t<img loading=\"lazy\" decoding=\"async\" width=\"1527\" height=\"1080\" src=\"https:\/\/www.pps-architekten.de\/wordpress\/wp-content\/uploads\/Infocenter_Nochten_Grundriss-EG.png\" class=\"sow-masonry-grid-image\" alt=\"\" title=\"Informationszentrum und Aussichtsturm Tagebau Nochten - Grundriss EG\" srcset=\"https:\/\/www.pps-architekten.de\/wordpress\/wp-content\/uploads\/Infocenter_Nochten_Grundriss-EG.png 1527w, https:\/\/www.pps-architekten.de\/wordpress\/wp-content\/uploads\/Infocenter_Nochten_Grundriss-EG-300x212.png 300w, https:\/\/www.pps-architekten.de\/wordpress\/wp-content\/uploads\/Infocenter_Nochten_Grundriss-EG-768x543.png 768w, https:\/\/www.pps-architekten.de\/wordpress\/wp-content\/uploads\/Infocenter_Nochten_Grundriss-EG-845x598.png 845w\" sizes=\"auto, (max-width: 1527px) 100vw, 1527px\" \/>\n\t\t\t\t\n\t\t\t\t\t\t\t\t\t<\/a>\n\t\t\t\t\t\t\t<\/div>\n\t\t\t\t\t\t<div class=\"sow-masonry-grid-item\" data-col-span=\"1\"\n\t\t\t\tdata-row-span=\"1\">\n\t\t\t\t\t\t\t\t\t<a href=\"https:\/\/www.pps-architekten.de\/wordpress\/wp-content\/uploads\/Infocenter_Nochten_Grundriss-OG.png\"\n\t\t\t\t\t>\n\t\t\t\t\n\t\t\t\t\n\t\t\t\t<img loading=\"lazy\" decoding=\"async\" width=\"1527\" height=\"1080\" src=\"https:\/\/www.pps-architekten.de\/wordpress\/wp-content\/uploads\/Infocenter_Nochten_Grundriss-OG.png\" class=\"sow-masonry-grid-image\" alt=\"\" title=\"Informationszentrum und Aussichtsturm Tagebau Nochten - Grundriss OG\" srcset=\"https:\/\/www.pps-architekten.de\/wordpress\/wp-content\/uploads\/Infocenter_Nochten_Grundriss-OG.png 1527w, https:\/\/www.pps-architekten.de\/wordpress\/wp-content\/uploads\/Infocenter_Nochten_Grundriss-OG-300x212.png 300w, https:\/\/www.pps-architekten.de\/wordpress\/wp-content\/uploads\/Infocenter_Nochten_Grundriss-OG-768x543.png 768w, https:\/\/www.pps-architekten.de\/wordpress\/wp-content\/uploads\/Infocenter_Nochten_Grundriss-OG-845x598.png 845w\" sizes=\"auto, (max-width: 1527px) 100vw, 1527px\" \/>\n\t\t\t\t\n\t\t\t\t\t\t\t\t\t<\/a>\n\t\t\t\t\t\t\t<\/div>\n\t\t\t\t\t\t<div class=\"sow-masonry-grid-item\" data-col-span=\"1\"\n\t\t\t\tdata-row-span=\"1\">\n\t\t\t\t\t\t\t\t\t<a href=\"https:\/\/www.pps-architekten.de\/wordpress\/wp-content\/uploads\/Infocenter_Nochten_Grundrisse-Turm.png\"\n\t\t\t\t\t>\n\t\t\t\t\n\t\t\t\t\n\t\t\t\t<img loading=\"lazy\" decoding=\"async\" width=\"1527\" height=\"1080\" src=\"https:\/\/www.pps-architekten.de\/wordpress\/wp-content\/uploads\/Infocenter_Nochten_Grundrisse-Turm.png\" class=\"sow-masonry-grid-image\" alt=\"\" title=\"Informationszentrum und Aussichtsturm Tagebau Nochten - Grundrisse Turm\" srcset=\"https:\/\/www.pps-architekten.de\/wordpress\/wp-content\/uploads\/Infocenter_Nochten_Grundrisse-Turm.png 1527w, https:\/\/www.pps-architekten.de\/wordpress\/wp-content\/uploads\/Infocenter_Nochten_Grundrisse-Turm-300x212.png 300w, https:\/\/www.pps-architekten.de\/wordpress\/wp-content\/uploads\/Infocenter_Nochten_Grundrisse-Turm-768x543.png 768w, https:\/\/www.pps-architekten.de\/wordpress\/wp-content\/uploads\/Infocenter_Nochten_Grundrisse-Turm-845x598.png 845w\" sizes=\"auto, (max-width: 1527px) 100vw, 1527px\" \/>\n\t\t\t\t\n\t\t\t\t\t\t\t\t\t<\/a>\n\t\t\t\t\t\t\t<\/div>\n\t\t\t\t\t\t<div class=\"sow-masonry-grid-item\" data-col-span=\"2\"\n\t\t\t\tdata-row-span=\"1\">\n\t\t\t\t\t\t\t\t\t<a href=\"https:\/\/www.pps-architekten.de\/wordpress\/wp-content\/uploads\/Infocenter_Nochten_Ansichten_1.png\"\n\t\t\t\t\t>\n\t\t\t\t\n\t\t\t\t\n\t\t\t\t<img loading=\"lazy\" decoding=\"async\" width=\"1838\" height=\"1080\" src=\"https:\/\/www.pps-architekten.de\/wordpress\/wp-content\/uploads\/Infocenter_Nochten_Ansichten_1.png\" class=\"sow-masonry-grid-image\" alt=\"\" title=\"Informationszentrum und Aussichtsturm Tagebau Nochten -  Ansichten \" srcset=\"https:\/\/www.pps-architekten.de\/wordpress\/wp-content\/uploads\/Infocenter_Nochten_Ansichten_1.png 1838w, https:\/\/www.pps-architekten.de\/wordpress\/wp-content\/uploads\/Infocenter_Nochten_Ansichten_1-300x176.png 300w, https:\/\/www.pps-architekten.de\/wordpress\/wp-content\/uploads\/Infocenter_Nochten_Ansichten_1-768x451.png 768w, https:\/\/www.pps-architekten.de\/wordpress\/wp-content\/uploads\/Infocenter_Nochten_Ansichten_1-845x497.png 845w\" sizes=\"auto, (max-width: 1838px) 100vw, 1838px\" \/>\n\t\t\t\t\n\t\t\t\t\t\t\t\t\t<\/a>\n\t\t\t\t\t\t\t<\/div>\n\t\t\t\t\t\t<div class=\"sow-masonry-grid-item\" data-col-span=\"2\"\n\t\t\t\tdata-row-span=\"1\">\n\t\t\t\t\t\t\t\t\t<a href=\"https:\/\/www.pps-architekten.de\/wordpress\/wp-content\/uploads\/Infocenter_Nochten_Ansichten_2.png\"\n\t\t\t\t\t>\n\t\t\t\t\n\t\t\t\t\n\t\t\t\t<img loading=\"lazy\" decoding=\"async\" width=\"1803\" height=\"1080\" src=\"https:\/\/www.pps-architekten.de\/wordpress\/wp-content\/uploads\/Infocenter_Nochten_Ansichten_2.png\" class=\"sow-masonry-grid-image\" alt=\"\" title=\"Informationszentrum und Aussichtsturm Tagebau Nochten - Ansichten\" srcset=\"https:\/\/www.pps-architekten.de\/wordpress\/wp-content\/uploads\/Infocenter_Nochten_Ansichten_2.png 1803w, https:\/\/www.pps-architekten.de\/wordpress\/wp-content\/uploads\/Infocenter_Nochten_Ansichten_2-300x180.png 300w, https:\/\/www.pps-architekten.de\/wordpress\/wp-content\/uploads\/Infocenter_Nochten_Ansichten_2-768x460.png 768w, https:\/\/www.pps-architekten.de\/wordpress\/wp-content\/uploads\/Infocenter_Nochten_Ansichten_2-845x506.png 845w\" sizes=\"auto, (max-width: 1803px) 100vw, 1803px\" \/>\n\t\t\t\t\n\t\t\t\t\t\t\t\t\t<\/a>\n\t\t\t\t\t\t\t<\/div>\n\t\t\t\t\t\t<div class=\"sow-masonry-grid-item\" data-col-span=\"2\"\n\t\t\t\tdata-row-span=\"1\">\n\t\t\t\t\t\t\t\t\t<a href=\"https:\/\/www.pps-architekten.de\/wordpress\/wp-content\/uploads\/Infocenter_Nochten_Schnitt_1.png\"\n\t\t\t\t\t>\n\t\t\t\t\n\t\t\t\t\n\t\t\t\t<img loading=\"lazy\" decoding=\"async\" width=\"1920\" height=\"1080\" src=\"https:\/\/www.pps-architekten.de\/wordpress\/wp-content\/uploads\/Infocenter_Nochten_Schnitt_1.png\" class=\"sow-masonry-grid-image\" alt=\"\" title=\"Informationszentrum und Aussichtsturm Tagebau Nochten - Schnitt\" srcset=\"https:\/\/www.pps-architekten.de\/wordpress\/wp-content\/uploads\/Infocenter_Nochten_Schnitt_1.png 1920w, https:\/\/www.pps-architekten.de\/wordpress\/wp-content\/uploads\/Infocenter_Nochten_Schnitt_1-300x169.png 300w, https:\/\/www.pps-architekten.de\/wordpress\/wp-content\/uploads\/Infocenter_Nochten_Schnitt_1-768x432.png 768w, https:\/\/www.pps-architekten.de\/wordpress\/wp-content\/uploads\/Infocenter_Nochten_Schnitt_1-845x475.png 845w\" sizes=\"auto, (max-width: 1920px) 100vw, 1920px\" \/>\n\t\t\t\t\n\t\t\t\t\t\t\t\t\t<\/a>\n\t\t\t\t\t\t\t<\/div>\n\t\t\t\t\t\t<div class=\"sow-masonry-grid-item\" data-col-span=\"2\"\n\t\t\t\tdata-row-span=\"1\">\n\t\t\t\t\t\t\t\t\t<a href=\"https:\/\/www.pps-architekten.de\/wordpress\/wp-content\/uploads\/Infocenter_Nochten_Schnitt_2.png\"\n\t\t\t\t\t>\n\t\t\t\t\n\t\t\t\t\n\t\t\t\t<img loading=\"lazy\" decoding=\"async\" width=\"1920\" height=\"1080\" src=\"https:\/\/www.pps-architekten.de\/wordpress\/wp-content\/uploads\/Infocenter_Nochten_Schnitt_2.png\" class=\"sow-masonry-grid-image\" alt=\"\" title=\"Informationszentrum und Aussichtsturm Tagebau Nochten - Schnitt\" srcset=\"https:\/\/www.pps-architekten.de\/wordpress\/wp-content\/uploads\/Infocenter_Nochten_Schnitt_2.png 1920w, https:\/\/www.pps-architekten.de\/wordpress\/wp-content\/uploads\/Infocenter_Nochten_Schnitt_2-300x169.png 300w, https:\/\/www.pps-architekten.de\/wordpress\/wp-content\/uploads\/Infocenter_Nochten_Schnitt_2-768x432.png 768w, https:\/\/www.pps-architekten.de\/wordpress\/wp-content\/uploads\/Infocenter_Nochten_Schnitt_2-845x475.png 845w\" sizes=\"auto, (max-width: 1920px) 100vw, 1920px\" \/>\n\t\t\t\t\n\t\t\t\t\t\t\t\t\t<\/a>\n\t\t\t\t\t\t\t<\/div>\n\t\t\t\n<\/div>\n<\/div><\/div><\/div><div id=\"pgc-1444-3-1\"  class=\"panel-grid-cell panel-grid-cell-empty\" ><\/div><\/div><\/div>","protected":false},"excerpt":{"rendered":"<p>Informationszentrum und Aussichtsturm Tagebau Nochten StandortAm Schweren Berg02943 WeisswasserNF550m\u00b2BGF1.100m\u00b2BRI3.600m\u00b3 Baukosten ca. 1,67 Mio \u0080 Planung 2005 &#8211; 2007 Realisierung 2007 &#8211; 2008 Leistungsphasen 1 &#8211; 9 In Kooperation mit Planungsgruppe abv\u00a0 GmbH S\u00fcdlich der Stadt Wei\u00dfwasser, an der Kante des Tagebaus Nochten, ist zur Umweltbeobachtung und \u00d6ffentlichkeitsarbeit begleitend zu den langfristigen Ver\u00e4nderungen der Bergbaulandschaft einContinue reading &rarr;<\/p>\n","protected":false},"author":1,"featured_media":0,"comment_status":"closed","ping_status":"closed","template":"","meta":[],"project_type":[10],"class_list":["post-1444","project","type-project","status-publish","hentry","project_type-bauten-fuer-die-oeffentlichkeit","no-thumb"],"_links":{"self":[{"href":"https:\/\/www.pps-architekten.de\/index.php\/wp-json\/wp\/v2\/project\/1444","targetHints":{"allow":["GET"]}}],"collection":[{"href":"https:\/\/www.pps-architekten.de\/index.php\/wp-json\/wp\/v2\/project"}],"about":[{"href":"https:\/\/www.pps-architekten.de\/index.php\/wp-json\/wp\/v2\/types\/project"}],"author":[{"embeddable":true,"href":"https:\/\/www.pps-architekten.de\/index.php\/wp-json\/wp\/v2\/users\/1"}],"replies":[{"embeddable":true,"href":"https:\/\/www.pps-architekten.de\/index.php\/wp-json\/wp\/v2\/comments?post=1444"}],"wp:attachment":[{"href":"https:\/\/www.pps-architekten.de\/index.php\/wp-json\/wp\/v2\/media?parent=1444"}],"wp:term":[{"taxonomy":"project_type","embeddable":true,"href":"https:\/\/www.pps-architekten.de\/index.php\/wp-json\/wp\/v2\/project_type?post=1444"}],"curies":[{"name":"wp","href":"https:\/\/api.w.org\/{rel}","templated":true}]}}