{"id":2041,"date":"2017-05-09T10:43:09","date_gmt":"2017-05-09T08:43:09","guid":{"rendered":"http:\/\/www.pps-architekten.de\/wordpress\/?post_type=project&#038;p=2041"},"modified":"2019-03-18T10:43:32","modified_gmt":"2019-03-18T09:43:32","slug":"feuerwehrgebaeude-neu-haidemuehl","status":"publish","type":"project","link":"https:\/\/www.pps-architekten.de\/index.php\/project\/feuerwehrgebaeude-neu-haidemuehl\/","title":{"rendered":"Feuerwehrgeb\u00e4ude Neu-Haidem\u00fchl"},"content":{"rendered":"<div id=\"pl-2041\"  class=\"panel-layout\" ><div id=\"pg-2041-0\"  class=\"panel-grid panel-no-style\" ><div id=\"pgc-2041-0-0\"  class=\"panel-grid-cell\" ><div id=\"panel-2041-0-0-0\" class=\"so-panel widget widget_sow-headline panel-first-child panel-last-child\" data-index=\"0\" ><div\n\t\t\t\n\t\t\tclass=\"so-widget-sow-headline so-widget-sow-headline-default-43b3ef2dabf2-2041\"\n\t\t\t\n\t\t><div class=\"sow-headline-container \">\n\t\t\t\t\t\t\t<h1 class=\"sow-headline\">\n\t\t\t\t\t\tFeuerwehrgeb\u00e4ude Neu-Haidem\u00fchl\t\t\t\t\t\t<\/h1>\n\t\t\t\t\t\t<\/div>\n<\/div><\/div><\/div><\/div><div id=\"pg-2041-1\"  class=\"panel-grid panel-no-style\" ><div id=\"pgc-2041-1-0\"  class=\"panel-grid-cell panel-grid-cell-mobile-last\" ><div id=\"panel-2041-1-0-0\" class=\"so-panel widget widget_sow-image panel-first-child panel-last-child\" data-index=\"1\" ><div\n\t\t\t\n\t\t\tclass=\"so-widget-sow-image so-widget-sow-image-default-4e6925654b7a-2041\"\n\t\t\t\n\t\t>\n<div class=\"sow-image-container\">\n\t\t<img \n\tsrc=\"https:\/\/www.pps-architekten.de\/wordpress\/wp-content\/uploads\/Titelbild_FW-Haisemuehl_940x360px.png\" width=\"940\" height=\"360\" srcset=\"https:\/\/www.pps-architekten.de\/wordpress\/wp-content\/uploads\/Titelbild_FW-Haisemuehl_940x360px.png 940w, https:\/\/www.pps-architekten.de\/wordpress\/wp-content\/uploads\/Titelbild_FW-Haisemuehl_940x360px-150x57.png 150w, https:\/\/www.pps-architekten.de\/wordpress\/wp-content\/uploads\/Titelbild_FW-Haisemuehl_940x360px-300x115.png 300w, https:\/\/www.pps-architekten.de\/wordpress\/wp-content\/uploads\/Titelbild_FW-Haisemuehl_940x360px-768x294.png 768w, https:\/\/www.pps-architekten.de\/wordpress\/wp-content\/uploads\/Titelbild_FW-Haisemuehl_940x360px-845x324.png 845w\" sizes=\"(max-width: 940px) 100vw, 940px\" alt=\"\" \t\tclass=\"so-widget-image\"\/>\n\t<\/div>\n\n<\/div><\/div><\/div><div id=\"pgc-2041-1-1\"  class=\"panel-grid-cell panel-grid-cell-empty\" ><\/div><\/div><div id=\"pg-2041-2\"  class=\"panel-grid panel-has-style\" ><div class=\"panel-row-style panel-row-style-for-2041-2\" ><div id=\"pgc-2041-2-0\"  class=\"panel-grid-cell\" ><div id=\"panel-2041-2-0-0\" class=\"so-panel widget widget_sow-editor panel-first-child panel-last-child\" data-index=\"2\" ><div\n\t\t\t\n\t\t\tclass=\"so-widget-sow-editor so-widget-sow-editor-base\"\n\t\t\t\n\t\t>\n<div class=\"siteorigin-widget-tinymce textwidget\">\n\t<p class=\"p1\"><b>Standort<br \/><\/b>Haidem\u00fchler Stra\u00dfe 36<br \/>03130 Spremberg \/<br \/>Sellessen<br \/><b>NF<br \/><\/b>680m\u00b2<br \/><b>BGF<br \/><\/b>830m\u00b2<br \/><b>BRI<br \/><\/b>4.000m\u00b3<\/p>\n<\/div>\n<\/div><\/div><\/div><div id=\"pgc-2041-2-1\"  class=\"panel-grid-cell\" ><div id=\"panel-2041-2-1-0\" class=\"so-panel widget widget_sow-editor panel-first-child panel-last-child\" data-index=\"3\" ><div\n\t\t\t\n\t\t\tclass=\"so-widget-sow-editor so-widget-sow-editor-base\"\n\t\t\t\n\t\t>\n<div class=\"siteorigin-widget-tinymce textwidget\">\n\t<p class=\"p1\"><b>Baukosten<br \/><\/b>ca. 1,30 Mio \u0080<br \/><b>Planung<br \/><\/b>2003 - 2004<br \/><b>Realisierung<br \/><\/b>2004 - 2005<br \/><b>Leistungsphasen<br \/><\/b>1 - 9<\/p>\n<\/div>\n<\/div><\/div><\/div><div id=\"pgc-2041-2-2\"  class=\"panel-grid-cell panel-grid-cell-mobile-last\" ><div id=\"panel-2041-2-2-0\" class=\"so-panel widget widget_sow-editor panel-first-child panel-last-child\" data-index=\"4\" ><div\n\t\t\t\n\t\t\tclass=\"so-widget-sow-editor so-widget-sow-editor-base\"\n\t\t\t\n\t\t>\n<div class=\"siteorigin-widget-tinymce textwidget\">\n\t<p class=\"p1\">Neu-Haidem\u00fchl entstand s\u00fcd\u00f6stlich von Spremberg \/ Sellessen in der Lausitz im Zuge einer Umsiedlungsma\u00dfnahme durch den Braunkohletagebau.<\/p>\n<p class=\"p1\">Das Geb\u00e4ude der Feuerwehr orientiert sich mit seiner Ma\u00dfst\u00e4blichkeit an die Gestalt traditioneller brandenburgischer Dorfgeb\u00e4ude und stellt in Kubatur, Formensprache und Proportion deutlich einen erkennbar l\u00e4ndlichen Bezug her, ohne den Zeitpunkt der Entstehung zu verleugnen.<\/p>\n<p class=\"p1\">Die Geb\u00e4udekubatur besteht aus mehreren einzelnen Bauk\u00f6rpern, welche ein lockeres Ensemble im Zentrum des Dorfes bilden. Das Feuerwehrgeb\u00e4ude zeichnet sich durch ein Wechselspiel traditioneller Elemente und moderner Architektursprache mit zeitgem\u00e4\u00dfen Konstruktionen aus. Das \u201eGesicht\u201c dieses Ensembles hat Anleihen aus Materialien der Region, zum Beispiel Klinker f\u00fcr die Fassade, aber auch aus modernen Materialien, wie Stahl, Glas und Sichtbeton.<\/p>\n<p class=\"p1\">Das Feuerwehrger\u00e4tehaus gliedert sich in zwei Bereiche. Zum Einen in die Fahrzeughalle mit zwei Stellpl\u00e4tzen und zum Anderen in das Hauptgeb\u00e4ude, welches Umkleidebereiche, B\u00fcros und Schulungsr\u00e4ume aufnimmt. Beide Geb\u00e4udeteile werden \u00fcber den Haupterschlie\u00dfungsflur mit Eingangsbereich und Treppenhaus verbunden. Die Kalthalle, welche sich auf dem Gel\u00e4nde der Feuerwehr befindet, dient vornehmlich zur Aufbewahrung und Lagerung von Gro\u00dfinventar. Die Au\u00dfenanlagen erstrecken sich \u00fcber drei Ebenen, die sich der Hanglage folgend staffeln. Durch die Anordnung der einzelnen Geb\u00e4ude entstehen zwei H\u00f6fe f\u00fcr die Feuerwehr. Die einzelnen Ebenen werden von Bruchsteinst\u00fctzmauern getrennt.<\/p>\n<p class=\"p1\">Die gesamte Anlage mit dem Gemeindehaus, der Feuerwehr und der Kalthalle ergebt eine zusammenh\u00e4ngende st\u00e4dtebauliche Komposition und gibt somit dem Ort ein architektonisches Zentrum und dem gesellschaftlichen Leben eine Mitte.<\/p>\n<\/div>\n<\/div><\/div><\/div><div id=\"pgc-2041-2-3\"  class=\"panel-grid-cell panel-grid-cell-empty\" ><\/div><\/div><\/div><div id=\"pg-2041-3\"  class=\"panel-grid panel-no-style\" ><div id=\"pgc-2041-3-0\"  class=\"panel-grid-cell panel-grid-cell-mobile-last\" ><div id=\"panel-2041-3-0-0\" class=\"so-panel widget widget_sow-simple-masonry panel-first-child panel-last-child\" data-index=\"5\" ><div\n\t\t\t\n\t\t\tclass=\"so-widget-sow-simple-masonry so-widget-sow-simple-masonry-default-d75171398898-2041\"\n\t\t\t\n\t\t>\n\n<div class=\"sow-masonry-grid\"\n\tdata-layouts=\"{&quot;desktop&quot;:{&quot;numColumns&quot;:4,&quot;rowHeight&quot;:0,&quot;gutter&quot;:10},&quot;tablet&quot;:{&quot;breakPoint&quot;:860,&quot;numColumns&quot;:2,&quot;rowHeight&quot;:0,&quot;gutter&quot;:10},&quot;mobile&quot;:{&quot;breakPoint&quot;:480,&quot;numColumns&quot;:1,&quot;rowHeight&quot;:0,&quot;gutter&quot;:10}}\" data-layout-origin-left=\"true\" >\n\t\t\t\t<div class=\"sow-masonry-grid-item\" data-col-span=\"1\"\n\t\t\t\tdata-row-span=\"1\">\n\t\t\t\t\t\t\t\t\t<a href=\"https:\/\/www.pps-architekten.de\/wordpress\/wp-content\/uploads\/FW-Haidemuehl-1.jpg\"\n\t\t\t\t\t>\n\t\t\t\t\n\t\t\t\t\n\t\t\t\t<img loading=\"lazy\" decoding=\"async\" width=\"1903\" height=\"1080\" src=\"https:\/\/www.pps-architekten.de\/wordpress\/wp-content\/uploads\/FW-Haidemuehl-1.jpg\" class=\"sow-masonry-grid-image\" alt=\"\" title=\"Feuerwehrgeb\u00e4ude Neu-Haidem\u00fchl\" srcset=\"https:\/\/www.pps-architekten.de\/wordpress\/wp-content\/uploads\/FW-Haidemuehl-1.jpg 1903w, https:\/\/www.pps-architekten.de\/wordpress\/wp-content\/uploads\/FW-Haidemuehl-1-150x85.jpg 150w, https:\/\/www.pps-architekten.de\/wordpress\/wp-content\/uploads\/FW-Haidemuehl-1-300x170.jpg 300w, https:\/\/www.pps-architekten.de\/wordpress\/wp-content\/uploads\/FW-Haidemuehl-1-768x436.jpg 768w, https:\/\/www.pps-architekten.de\/wordpress\/wp-content\/uploads\/FW-Haidemuehl-1-845x480.jpg 845w\" sizes=\"auto, (max-width: 1903px) 100vw, 1903px\" \/>\n\t\t\t\t\n\t\t\t\t\t\t\t\t\t<\/a>\n\t\t\t\t\t\t\t<\/div>\n\t\t\t\t\t\t<div class=\"sow-masonry-grid-item\" data-col-span=\"1\"\n\t\t\t\tdata-row-span=\"1\">\n\t\t\t\t\t\t\t\t\t<a href=\"https:\/\/www.pps-architekten.de\/wordpress\/wp-content\/uploads\/FW-Haidemuehl-2.jpg\"\n\t\t\t\t\t>\n\t\t\t\t\n\t\t\t\t\n\t\t\t\t<img loading=\"lazy\" decoding=\"async\" width=\"1528\" height=\"1080\" src=\"https:\/\/www.pps-architekten.de\/wordpress\/wp-content\/uploads\/FW-Haidemuehl-2.jpg\" class=\"sow-masonry-grid-image\" alt=\"\" title=\"Feuerwehrgeb\u00e4ude Neu-Haidem\u00fchl\" srcset=\"https:\/\/www.pps-architekten.de\/wordpress\/wp-content\/uploads\/FW-Haidemuehl-2.jpg 1528w, https:\/\/www.pps-architekten.de\/wordpress\/wp-content\/uploads\/FW-Haidemuehl-2-150x106.jpg 150w, https:\/\/www.pps-architekten.de\/wordpress\/wp-content\/uploads\/FW-Haidemuehl-2-300x212.jpg 300w, https:\/\/www.pps-architekten.de\/wordpress\/wp-content\/uploads\/FW-Haidemuehl-2-768x543.jpg 768w, https:\/\/www.pps-architekten.de\/wordpress\/wp-content\/uploads\/FW-Haidemuehl-2-845x597.jpg 845w\" sizes=\"auto, (max-width: 1528px) 100vw, 1528px\" \/>\n\t\t\t\t\n\t\t\t\t\t\t\t\t\t<\/a>\n\t\t\t\t\t\t\t<\/div>\n\t\t\t\t\t\t<div class=\"sow-masonry-grid-item\" data-col-span=\"2\"\n\t\t\t\tdata-row-span=\"2\">\n\t\t\t\t\t\t\t\t\t<a href=\"https:\/\/www.pps-architekten.de\/wordpress\/wp-content\/uploads\/FW-Haidemuehl-3.jpg\"\n\t\t\t\t\t>\n\t\t\t\t\n\t\t\t\t\n\t\t\t\t<img loading=\"lazy\" decoding=\"async\" width=\"1300\" height=\"1080\" src=\"https:\/\/www.pps-architekten.de\/wordpress\/wp-content\/uploads\/FW-Haidemuehl-3.jpg\" class=\"sow-masonry-grid-image\" alt=\"\" title=\"Feuerwehrgeb\u00e4ude Neu-Haidem\u00fchl\" srcset=\"https:\/\/www.pps-architekten.de\/wordpress\/wp-content\/uploads\/FW-Haidemuehl-3.jpg 1300w, https:\/\/www.pps-architekten.de\/wordpress\/wp-content\/uploads\/FW-Haidemuehl-3-150x125.jpg 150w, https:\/\/www.pps-architekten.de\/wordpress\/wp-content\/uploads\/FW-Haidemuehl-3-300x249.jpg 300w, https:\/\/www.pps-architekten.de\/wordpress\/wp-content\/uploads\/FW-Haidemuehl-3-768x638.jpg 768w, https:\/\/www.pps-architekten.de\/wordpress\/wp-content\/uploads\/FW-Haidemuehl-3-845x702.jpg 845w\" sizes=\"auto, (max-width: 1300px) 100vw, 1300px\" \/>\n\t\t\t\t\n\t\t\t\t\t\t\t\t\t<\/a>\n\t\t\t\t\t\t\t<\/div>\n\t\t\t\t\t\t<div class=\"sow-masonry-grid-item\" data-col-span=\"1\"\n\t\t\t\tdata-row-span=\"1\">\n\t\t\t\t\t\t\t\t\t<a href=\"https:\/\/www.pps-architekten.de\/wordpress\/wp-content\/uploads\/FW-Haidemuehl-4.jpg\"\n\t\t\t\t\t>\n\t\t\t\t\n\t\t\t\t\n\t\t\t\t<img loading=\"lazy\" decoding=\"async\" width=\"1389\" height=\"1080\" src=\"https:\/\/www.pps-architekten.de\/wordpress\/wp-content\/uploads\/FW-Haidemuehl-4.jpg\" class=\"sow-masonry-grid-image\" alt=\"\" title=\"Feuerwehrgeb\u00e4ude Neu-Haidem\u00fchl\" srcset=\"https:\/\/www.pps-architekten.de\/wordpress\/wp-content\/uploads\/FW-Haidemuehl-4.jpg 1389w, https:\/\/www.pps-architekten.de\/wordpress\/wp-content\/uploads\/FW-Haidemuehl-4-150x117.jpg 150w, https:\/\/www.pps-architekten.de\/wordpress\/wp-content\/uploads\/FW-Haidemuehl-4-300x233.jpg 300w, https:\/\/www.pps-architekten.de\/wordpress\/wp-content\/uploads\/FW-Haidemuehl-4-768x597.jpg 768w, https:\/\/www.pps-architekten.de\/wordpress\/wp-content\/uploads\/FW-Haidemuehl-4-845x657.jpg 845w\" sizes=\"auto, (max-width: 1389px) 100vw, 1389px\" \/>\n\t\t\t\t\n\t\t\t\t\t\t\t\t\t<\/a>\n\t\t\t\t\t\t\t<\/div>\n\t\t\t\t\t\t<div class=\"sow-masonry-grid-item\" data-col-span=\"1\"\n\t\t\t\tdata-row-span=\"1\">\n\t\t\t\t\t\t\t\t\t<a href=\"https:\/\/www.pps-architekten.de\/wordpress\/wp-content\/uploads\/FW-Haidemuehl-5.jpg\"\n\t\t\t\t\t>\n\t\t\t\t\n\t\t\t\t\n\t\t\t\t<img loading=\"lazy\" decoding=\"async\" width=\"1441\" height=\"1080\" src=\"https:\/\/www.pps-architekten.de\/wordpress\/wp-content\/uploads\/FW-Haidemuehl-5.jpg\" class=\"sow-masonry-grid-image\" alt=\"\" title=\"Feuerwehrgeb\u00e4ude Neu-Haidem\u00fchl\" srcset=\"https:\/\/www.pps-architekten.de\/wordpress\/wp-content\/uploads\/FW-Haidemuehl-5.jpg 1441w, https:\/\/www.pps-architekten.de\/wordpress\/wp-content\/uploads\/FW-Haidemuehl-5-150x112.jpg 150w, https:\/\/www.pps-architekten.de\/wordpress\/wp-content\/uploads\/FW-Haidemuehl-5-300x225.jpg 300w, https:\/\/www.pps-architekten.de\/wordpress\/wp-content\/uploads\/FW-Haidemuehl-5-768x576.jpg 768w, https:\/\/www.pps-architekten.de\/wordpress\/wp-content\/uploads\/FW-Haidemuehl-5-845x633.jpg 845w\" sizes=\"auto, (max-width: 1441px) 100vw, 1441px\" \/>\n\t\t\t\t\n\t\t\t\t\t\t\t\t\t<\/a>\n\t\t\t\t\t\t\t<\/div>\n\t\t\t\t\t\t<div class=\"sow-masonry-grid-item\" data-col-span=\"2\"\n\t\t\t\tdata-row-span=\"2\">\n\t\t\t\t\t\t\t\t\t<a href=\"https:\/\/www.pps-architekten.de\/wordpress\/wp-content\/uploads\/FW-Haidemuehl-6.jpg\"\n\t\t\t\t\t>\n\t\t\t\t\n\t\t\t\t\n\t\t\t\t<img loading=\"lazy\" decoding=\"async\" width=\"1620\" height=\"1080\" src=\"https:\/\/www.pps-architekten.de\/wordpress\/wp-content\/uploads\/FW-Haidemuehl-6.jpg\" class=\"sow-masonry-grid-image\" alt=\"\" title=\"Feuerwehrgeb\u00e4ude Neu-Haidem\u00fchl\" srcset=\"https:\/\/www.pps-architekten.de\/wordpress\/wp-content\/uploads\/FW-Haidemuehl-6.jpg 1620w, https:\/\/www.pps-architekten.de\/wordpress\/wp-content\/uploads\/FW-Haidemuehl-6-150x100.jpg 150w, https:\/\/www.pps-architekten.de\/wordpress\/wp-content\/uploads\/FW-Haidemuehl-6-300x200.jpg 300w, https:\/\/www.pps-architekten.de\/wordpress\/wp-content\/uploads\/FW-Haidemuehl-6-768x512.jpg 768w, https:\/\/www.pps-architekten.de\/wordpress\/wp-content\/uploads\/FW-Haidemuehl-6-845x563.jpg 845w\" sizes=\"auto, (max-width: 1620px) 100vw, 1620px\" \/>\n\t\t\t\t\n\t\t\t\t\t\t\t\t\t<\/a>\n\t\t\t\t\t\t\t<\/div>\n\t\t\t\t\t\t<div class=\"sow-masonry-grid-item\" data-col-span=\"1\"\n\t\t\t\tdata-row-span=\"1\">\n\t\t\t\t\t\t\t\t\t<a href=\"https:\/\/www.pps-architekten.de\/wordpress\/wp-content\/uploads\/FW-Haidemuehl-8.jpg\"\n\t\t\t\t\t>\n\t\t\t\t\n\t\t\t\t\n\t\t\t\t<img loading=\"lazy\" decoding=\"async\" width=\"1467\" height=\"1080\" src=\"https:\/\/www.pps-architekten.de\/wordpress\/wp-content\/uploads\/FW-Haidemuehl-8.jpg\" class=\"sow-masonry-grid-image\" alt=\"\" title=\"Feuerwehrgeb\u00e4ude Neu-Haidem\u00fchl\" srcset=\"https:\/\/www.pps-architekten.de\/wordpress\/wp-content\/uploads\/FW-Haidemuehl-8.jpg 1467w, https:\/\/www.pps-architekten.de\/wordpress\/wp-content\/uploads\/FW-Haidemuehl-8-150x110.jpg 150w, https:\/\/www.pps-architekten.de\/wordpress\/wp-content\/uploads\/FW-Haidemuehl-8-300x221.jpg 300w, https:\/\/www.pps-architekten.de\/wordpress\/wp-content\/uploads\/FW-Haidemuehl-8-768x565.jpg 768w, https:\/\/www.pps-architekten.de\/wordpress\/wp-content\/uploads\/FW-Haidemuehl-8-845x622.jpg 845w\" sizes=\"auto, (max-width: 1467px) 100vw, 1467px\" \/>\n\t\t\t\t\n\t\t\t\t\t\t\t\t\t<\/a>\n\t\t\t\t\t\t\t<\/div>\n\t\t\t\t\t\t<div class=\"sow-masonry-grid-item\" data-col-span=\"1\"\n\t\t\t\tdata-row-span=\"1\">\n\t\t\t\t\t\t\t\t\t<a href=\"https:\/\/www.pps-architekten.de\/wordpress\/wp-content\/uploads\/FW-Haidemuehl-7.jpg\"\n\t\t\t\t\t>\n\t\t\t\t\n\t\t\t\t\n\t\t\t\t<img loading=\"lazy\" decoding=\"async\" width=\"1442\" height=\"1080\" src=\"https:\/\/www.pps-architekten.de\/wordpress\/wp-content\/uploads\/FW-Haidemuehl-7.jpg\" class=\"sow-masonry-grid-image\" alt=\"\" title=\"Feuerwehrgeb\u00e4ude Neu-Haidem\u00fchl\" srcset=\"https:\/\/www.pps-architekten.de\/wordpress\/wp-content\/uploads\/FW-Haidemuehl-7.jpg 1442w, https:\/\/www.pps-architekten.de\/wordpress\/wp-content\/uploads\/FW-Haidemuehl-7-150x112.jpg 150w, https:\/\/www.pps-architekten.de\/wordpress\/wp-content\/uploads\/FW-Haidemuehl-7-300x225.jpg 300w, https:\/\/www.pps-architekten.de\/wordpress\/wp-content\/uploads\/FW-Haidemuehl-7-768x575.jpg 768w, https:\/\/www.pps-architekten.de\/wordpress\/wp-content\/uploads\/FW-Haidemuehl-7-845x633.jpg 845w\" sizes=\"auto, (max-width: 1442px) 100vw, 1442px\" \/>\n\t\t\t\t\n\t\t\t\t\t\t\t\t\t<\/a>\n\t\t\t\t\t\t\t<\/div>\n\t\t\t\t\t\t<div class=\"sow-masonry-grid-item\" data-col-span=\"1\"\n\t\t\t\tdata-row-span=\"1\">\n\t\t\t\t\t\t\t\t\t<a href=\"https:\/\/www.pps-architekten.de\/wordpress\/wp-content\/uploads\/FW-Haidemuehl-9.jpg\"\n\t\t\t\t\t>\n\t\t\t\t\n\t\t\t\t\n\t\t\t\t<img loading=\"lazy\" decoding=\"async\" width=\"1620\" height=\"1080\" src=\"https:\/\/www.pps-architekten.de\/wordpress\/wp-content\/uploads\/FW-Haidemuehl-9.jpg\" class=\"sow-masonry-grid-image\" alt=\"\" title=\"Feuerwehrgeb\u00e4ude Neu-Haidem\u00fchl\" srcset=\"https:\/\/www.pps-architekten.de\/wordpress\/wp-content\/uploads\/FW-Haidemuehl-9.jpg 1620w, https:\/\/www.pps-architekten.de\/wordpress\/wp-content\/uploads\/FW-Haidemuehl-9-150x100.jpg 150w, https:\/\/www.pps-architekten.de\/wordpress\/wp-content\/uploads\/FW-Haidemuehl-9-300x200.jpg 300w, https:\/\/www.pps-architekten.de\/wordpress\/wp-content\/uploads\/FW-Haidemuehl-9-768x512.jpg 768w, https:\/\/www.pps-architekten.de\/wordpress\/wp-content\/uploads\/FW-Haidemuehl-9-845x563.jpg 845w\" sizes=\"auto, (max-width: 1620px) 100vw, 1620px\" \/>\n\t\t\t\t\n\t\t\t\t\t\t\t\t\t<\/a>\n\t\t\t\t\t\t\t<\/div>\n\t\t\t\t\t\t<div class=\"sow-masonry-grid-item\" data-col-span=\"1\"\n\t\t\t\tdata-row-span=\"1\">\n\t\t\t\t\t\t\t\t\t<a href=\"https:\/\/www.pps-architekten.de\/wordpress\/wp-content\/uploads\/FW-Haidemuehl-Lageplan.png\"\n\t\t\t\t\t>\n\t\t\t\t\n\t\t\t\t\n\t\t\t\t<img loading=\"lazy\" decoding=\"async\" width=\"937\" height=\"1080\" src=\"https:\/\/www.pps-architekten.de\/wordpress\/wp-content\/uploads\/FW-Haidemuehl-Lageplan.png\" class=\"sow-masonry-grid-image\" alt=\"\" title=\"Feuerwehrgeb\u00e4ude Neu-Haidem\u00fchl - Lageplan\" srcset=\"https:\/\/www.pps-architekten.de\/wordpress\/wp-content\/uploads\/FW-Haidemuehl-Lageplan.png 937w, https:\/\/www.pps-architekten.de\/wordpress\/wp-content\/uploads\/FW-Haidemuehl-Lageplan-130x150.png 130w, https:\/\/www.pps-architekten.de\/wordpress\/wp-content\/uploads\/FW-Haidemuehl-Lageplan-260x300.png 260w, https:\/\/www.pps-architekten.de\/wordpress\/wp-content\/uploads\/FW-Haidemuehl-Lageplan-768x885.png 768w, https:\/\/www.pps-architekten.de\/wordpress\/wp-content\/uploads\/FW-Haidemuehl-Lageplan-845x974.png 845w\" sizes=\"auto, (max-width: 937px) 100vw, 937px\" \/>\n\t\t\t\t\n\t\t\t\t\t\t\t\t\t<\/a>\n\t\t\t\t\t\t\t<\/div>\n\t\t\t\t\t\t<div class=\"sow-masonry-grid-item\" data-col-span=\"1\"\n\t\t\t\tdata-row-span=\"1\">\n\t\t\t\t\t\t\t\t\t<a href=\"https:\/\/www.pps-architekten.de\/wordpress\/wp-content\/uploads\/FW-Haidemuehl-Grundriss-EG.png\"\n\t\t\t\t\t>\n\t\t\t\t\n\t\t\t\t\n\t\t\t\t<img loading=\"lazy\" decoding=\"async\" width=\"1527\" height=\"1080\" src=\"https:\/\/www.pps-architekten.de\/wordpress\/wp-content\/uploads\/FW-Haidemuehl-Grundriss-EG.png\" class=\"sow-masonry-grid-image\" alt=\"\" title=\"Feuerwehrgeb\u00e4ude Neu-Haidem\u00fchl - Grundriss EG\" srcset=\"https:\/\/www.pps-architekten.de\/wordpress\/wp-content\/uploads\/FW-Haidemuehl-Grundriss-EG.png 1527w, https:\/\/www.pps-architekten.de\/wordpress\/wp-content\/uploads\/FW-Haidemuehl-Grundriss-EG-150x106.png 150w, https:\/\/www.pps-architekten.de\/wordpress\/wp-content\/uploads\/FW-Haidemuehl-Grundriss-EG-300x212.png 300w, https:\/\/www.pps-architekten.de\/wordpress\/wp-content\/uploads\/FW-Haidemuehl-Grundriss-EG-768x543.png 768w, https:\/\/www.pps-architekten.de\/wordpress\/wp-content\/uploads\/FW-Haidemuehl-Grundriss-EG-845x598.png 845w\" sizes=\"auto, (max-width: 1527px) 100vw, 1527px\" \/>\n\t\t\t\t\n\t\t\t\t\t\t\t\t\t<\/a>\n\t\t\t\t\t\t\t<\/div>\n\t\t\t\t\t\t<div class=\"sow-masonry-grid-item\" data-col-span=\"1\"\n\t\t\t\tdata-row-span=\"1\">\n\t\t\t\t\t\t\t\t\t<a href=\"https:\/\/www.pps-architekten.de\/wordpress\/wp-content\/uploads\/FW-Haidemuehl-Ansicht-Nord.png\"\n\t\t\t\t\t>\n\t\t\t\t\n\t\t\t\t\n\t\t\t\t<img loading=\"lazy\" decoding=\"async\" width=\"1923\" height=\"1080\" src=\"https:\/\/www.pps-architekten.de\/wordpress\/wp-content\/uploads\/FW-Haidemuehl-Ansicht-Nord.png\" class=\"sow-masonry-grid-image\" alt=\"\" title=\"Feuerwehrgeb\u00e4ude Neu-Haidem\u00fchl - Ansicht Nord\" srcset=\"https:\/\/www.pps-architekten.de\/wordpress\/wp-content\/uploads\/FW-Haidemuehl-Ansicht-Nord.png 1923w, https:\/\/www.pps-architekten.de\/wordpress\/wp-content\/uploads\/FW-Haidemuehl-Ansicht-Nord-150x84.png 150w, https:\/\/www.pps-architekten.de\/wordpress\/wp-content\/uploads\/FW-Haidemuehl-Ansicht-Nord-300x168.png 300w, https:\/\/www.pps-architekten.de\/wordpress\/wp-content\/uploads\/FW-Haidemuehl-Ansicht-Nord-768x431.png 768w, https:\/\/www.pps-architekten.de\/wordpress\/wp-content\/uploads\/FW-Haidemuehl-Ansicht-Nord-845x475.png 845w\" sizes=\"auto, (max-width: 1923px) 100vw, 1923px\" \/>\n\t\t\t\t\n\t\t\t\t\t\t\t\t\t<\/a>\n\t\t\t\t\t\t\t<\/div>\n\t\t\t\t\t\t<div class=\"sow-masonry-grid-item\" data-col-span=\"1\"\n\t\t\t\tdata-row-span=\"1\">\n\t\t\t\t\t\t\t\t\t<a href=\"https:\/\/www.pps-architekten.de\/wordpress\/wp-content\/uploads\/FW-Haidemuehl-Ansichten-Ost.png\"\n\t\t\t\t\t>\n\t\t\t\t\n\t\t\t\t\n\t\t\t\t<img loading=\"lazy\" decoding=\"async\" width=\"542\" height=\"346\" src=\"https:\/\/www.pps-architekten.de\/wordpress\/wp-content\/uploads\/FW-Haidemuehl-Ansichten-Ost.png\" class=\"sow-masonry-grid-image\" alt=\"\" title=\"Feuerwehrgeb\u00e4ude Neu-Haidem\u00fchl - Ansichten Ost\" srcset=\"https:\/\/www.pps-architekten.de\/wordpress\/wp-content\/uploads\/FW-Haidemuehl-Ansichten-Ost.png 542w, https:\/\/www.pps-architekten.de\/wordpress\/wp-content\/uploads\/FW-Haidemuehl-Ansichten-Ost-150x96.png 150w, https:\/\/www.pps-architekten.de\/wordpress\/wp-content\/uploads\/FW-Haidemuehl-Ansichten-Ost-300x192.png 300w\" sizes=\"auto, (max-width: 542px) 100vw, 542px\" \/>\n\t\t\t\t\n\t\t\t\t\t\t\t\t\t<\/a>\n\t\t\t\t\t\t\t<\/div>\n\t\t\t\t\t\t<div class=\"sow-masonry-grid-item\" data-col-span=\"1\"\n\t\t\t\tdata-row-span=\"1\">\n\t\t\t\t\t\t\t\t\t<a href=\"https:\/\/www.pps-architekten.de\/wordpress\/wp-content\/uploads\/FW-Haidemuehl-Schnitt.png\"\n\t\t\t\t\t>\n\t\t\t\t\n\t\t\t\t\n\t\t\t\t<img loading=\"lazy\" decoding=\"async\" width=\"560\" height=\"389\" src=\"https:\/\/www.pps-architekten.de\/wordpress\/wp-content\/uploads\/FW-Haidemuehl-Schnitt.png\" class=\"sow-masonry-grid-image\" alt=\"\" title=\"Feuerwehrgeb\u00e4ude Neu-Haidem\u00fchl - Schnitt\" srcset=\"https:\/\/www.pps-architekten.de\/wordpress\/wp-content\/uploads\/FW-Haidemuehl-Schnitt.png 560w, https:\/\/www.pps-architekten.de\/wordpress\/wp-content\/uploads\/FW-Haidemuehl-Schnitt-150x104.png 150w, https:\/\/www.pps-architekten.de\/wordpress\/wp-content\/uploads\/FW-Haidemuehl-Schnitt-300x208.png 300w\" sizes=\"auto, (max-width: 560px) 100vw, 560px\" \/>\n\t\t\t\t\n\t\t\t\t\t\t\t\t\t<\/a>\n\t\t\t\t\t\t\t<\/div>\n\t\t\t\n<\/div>\n<\/div><\/div><\/div><div id=\"pgc-2041-3-1\"  class=\"panel-grid-cell panel-grid-cell-empty\" ><\/div><\/div><\/div>","protected":false},"excerpt":{"rendered":"<p>Feuerwehrgeb\u00e4ude Neu-Haidem\u00fchl StandortHaidem\u00fchler Stra\u00dfe 3603130 Spremberg \/SellessenNF680m\u00b2BGF830m\u00b2BRI4.000m\u00b3 Baukostenca. 1,30 Mio \u0080Planung2003 &#8211; 2004Realisierung2004 &#8211; 2005Leistungsphasen1 &#8211; 9 Neu-Haidem\u00fchl entstand s\u00fcd\u00f6stlich von Spremberg \/ Sellessen in der Lausitz im Zuge einer Umsiedlungsma\u00dfnahme durch den Braunkohletagebau. Das Geb\u00e4ude der Feuerwehr orientiert sich mit seiner Ma\u00dfst\u00e4blichkeit an die Gestalt traditioneller brandenburgischer Dorfgeb\u00e4ude und stellt in Kubatur, Formensprache undContinue reading &rarr;<\/p>\n","protected":false},"author":1,"featured_media":0,"comment_status":"closed","ping_status":"closed","template":"","meta":[],"project_type":[16],"class_list":["post-2041","project","type-project","status-publish","hentry","project_type-feuerwehrgebaeude","no-thumb"],"_links":{"self":[{"href":"https:\/\/www.pps-architekten.de\/index.php\/wp-json\/wp\/v2\/project\/2041","targetHints":{"allow":["GET"]}}],"collection":[{"href":"https:\/\/www.pps-architekten.de\/index.php\/wp-json\/wp\/v2\/project"}],"about":[{"href":"https:\/\/www.pps-architekten.de\/index.php\/wp-json\/wp\/v2\/types\/project"}],"author":[{"embeddable":true,"href":"https:\/\/www.pps-architekten.de\/index.php\/wp-json\/wp\/v2\/users\/1"}],"replies":[{"embeddable":true,"href":"https:\/\/www.pps-architekten.de\/index.php\/wp-json\/wp\/v2\/comments?post=2041"}],"wp:attachment":[{"href":"https:\/\/www.pps-architekten.de\/index.php\/wp-json\/wp\/v2\/media?parent=2041"}],"wp:term":[{"taxonomy":"project_type","embeddable":true,"href":"https:\/\/www.pps-architekten.de\/index.php\/wp-json\/wp\/v2\/project_type?post=2041"}],"curies":[{"name":"wp","href":"https:\/\/api.w.org\/{rel}","templated":true}]}}